{"id":581,"date":"2015-05-18T17:53:10","date_gmt":"2015-05-18T15:53:10","guid":{"rendered":"http:\/\/www.epcsrl.eu\/?page_id=581"},"modified":"2024-09-11T14:14:21","modified_gmt":"2024-09-11T12:14:21","slug":"privacy-2","status":"publish","type":"page","link":"https:\/\/www.epcsrl.eu\/it\/privacy-2\/","title":{"rendered":"Privacy Policy"},"content":{"rendered":"\t\t<div data-elementor-type=\"wp-page\" data-elementor-id=\"581\" class=\"elementor elementor-581\" data-elementor-post-type=\"page\">\n\t\t\t\t<div class=\"elementor-element elementor-element-1c770f44 e-flex e-con-boxed e-con e-parent\" data-id=\"1c770f44\" data-element_type=\"container\">\n\t\t\t\t\t<div class=\"e-con-inner\">\n\t\t\t\t<div class=\"elementor-element elementor-element-704c1db2 elementor-widget elementor-widget-text-editor\" data-id=\"704c1db2\" data-element_type=\"widget\" data-widget_type=\"text-editor.default\">\n\t\t\t\t<div class=\"elementor-widget-container\">\n\t\t\t\t\t\t\t\t\t<h3><span style=\"color: #8a8a8a;\">Informativa per il consenso al trattamento dei dati ai sensi dell\u2019articolo 13 del Regolamento UE 2016\/679<\/span><\/h3><p><span style=\"color: #8a8a8a;\">Con la presente comunicazione la scrivente Societ\u00e0 EPC European Project Consulting S.r.l. la informa che i Suoi dati personali o quelli a Lei riferiti o riferibili saranno gestiti dalla scrivente nel pieno rispetto del Regolamento UE 679\/2016 e del D.Lgs. 196\/2003 e s.m.i. per il trattamento dei dati e nel pieno rispetto degli obblighi di riservatezza.<\/span><br \/><span style=\"color: #8a8a8a;\">Per Trattamento di dati personali si intende qualunque operazione o complesso di operazioni, effettuati anche senza l&#8217;ausilio di strumenti elettronici, concernenti la raccolta, la registrazione, l\u2019organizzazione, la conservazione, la consultazione, l\u2019elaborazione, la modificazione, la selezione, l\u2019estrazione, il raffronto, l&#8217;utilizzo, l\u2019interconnessione, il blocco, la comunicazione, la diffusione, la cancellazione e la distruzione di dati, anche se non registrati in una banca di dati.<\/span><br \/><span style=\"color: #8a8a8a;\">Per l\u2019instaurazione e l\u2019esecuzione dei rapporti contrattuali con Voi in corso la Societ\u00e0 EPC European Project Consulting S.r.l. \u00e8 Titolare di dati personali e particolari, acquisiti anche verbalmente, direttamente o tramite terzi, a Voi relativi.<\/span><br \/><span style=\"color: #8a8a8a;\">Il conferimento dei dati stessi \u00e8 obbligatorio per tutto quanto \u00e8 richiesto dagli obblighi legali e contrattuali e pertanto l\u2019eventuale rifiuto a fornirli o al successivo trattamento potr\u00e0 determinare l\u2019impossibilit\u00e0 della Societ\u00e0 EPC European Project Consulting S.r.l. a dar corso ai rapporti contrattuali medesimi.<\/span><br \/><span style=\"color: #8a8a8a;\">Il mancato conferimento, invece, di tutti i dati che non siano riconducibili ad obblighi legali o contrattuali verr\u00e0 valutato di volta in volta dalla scrivente e determiner\u00e0 le conseguenti decisioni rapportate all\u2019importanza dei dati richiesti rispetto alla gestione del rapporto commerciale.In particolare Vi informiamo che ai sensi e per gli effetti dell&#8217;Art. 13 del Regolamento:<\/span><\/p><h3><span style=\"color: #8a8a8a;\">Titolare del trattamento<\/span><\/h3><p><span style=\"color: #8a8a8a;\">Il Titolare del trattamento, al quale Lei potr\u00e0 rivolgersi per far valere i diritti di cui agli art. 7 e da agli artt. 15 e 22 del Regolamento, in calce riportati, \u00e8 la Societ\u00e0 EPC European Project Consulting S.r.l., con sede in via Giovanni Prati 11 Dueville (Vicenza), nella persona del Legale Rappresentante pro tempore; i citati diritti potranno essere da Lei esercitati anche mediante l\u2019invio di comunicazioni al seguente indirizzo di posta elettronica:<a style=\"color: #8a8a8a;\" href=\"mailto:info@epcsrl.eu\"> info@epcsrl.eu<\/a>.<\/span><\/p><h3><span style=\"color: #8a8a8a;\">Finalit\u00e0 del trattamento<\/span><\/h3><p><span style=\"color: #8a8a8a;\">I dati personali da Lei forniti sono necessari per gli adempimenti contrattuali e previsti per legge nonch\u00e9 per conseguire una efficace gestione dei rapporti commerciali per l\u2019erogazione di servizi di consulenza, assistenza tecnica e formazione erogati dalla ns Societ\u00e0.<\/span><\/p><h3><span style=\"color: #8a8a8a;\">Modalit\u00e0 di trattamento e conservazione<\/span><\/h3><p><span style=\"color: #8a8a8a;\">Il trattamento dei Vostri dati personali \u00e8 realizzato per mezzo delle operazioni indicate all\u2019art. 4 punto 2 del Regolamento e precisamente: raccolta, registrazione, organizzazione, conservazione, consultazione, elaborazione, modificazione, selezione, estrazione, raffronto, utilizzo, interconnessione, blocco, comunicazione, cancellazione e distruzione dei dati. Il trattamento sar\u00e0 svolto in forma automatizzata e\/o manuale, nel rispetto di quanto previsto dall\u2019art. 32 del Regolamento in materia di misure di sicurezza, ad opera di soggetti appositamente incaricati e in ottemperanza a quanto previsto dall\u2019art. 29 del Regolamento.<\/span><br \/><span style=\"color: #8a8a8a;\">Le segnaliamo che, nel rispetto dei principi di liceit\u00e0, limitazione delle finalit\u00e0 e minimizzazione dei dati, ai sensi dell\u2019art. 5 del Regolamento, previo il Suo consenso libero ed esplicito espresso in calce alla presente informativa, i Suoi dati personali saranno conservati per il periodo di tempo necessario per il conseguimento delle finalit\u00e0 per le quali sono raccolti e trattati. I dati personali sono sottoposti a trattamento sia cartaceo che elettronico e\/o automatizzato, anche mediante l\u2019uso eventuale di un sito web ospitato su Cloud che potr\u00e0 essere gestito dalla scrivente Societ\u00e0 o da altro Responsabile del trattamento. Il Titolare tratter\u00e0 i dati personali per il tempo necessario per adempiere alle finalit\u00e0 di cui sopra e comunque per non oltre il tempo necessario previsto per la regolare esecuzione delle attivit\u00e0 in essere.<\/span><\/p><h3><span style=\"color: #8a8a8a;\">Ambito di comunicazione e diffusione<\/span><\/h3><p><span style=\"color: #8a8a8a;\">I dati potranno essere resi accessibili, per le comunicazioni e diffusioni effettuate in esecuzione di obblighi di legge e contrattuali, a dipendenti e collaboratori del Titolare del trattamento, nella loro qualit\u00e0 di Incaricati e\/o Responsabili interni del trattamento e\/o Amministratori di sistema, a societ\u00e0 terze o altri soggetti che svolgono attivit\u00e0 in outsourcing per conto del Titolare, nella loro qualit\u00e0 di Responsabili del trattamento.<\/span><\/p><p><span style=\"color: #8a8a8a;\">Tutti i dati potranno essere comunicati in Italia e all&#8217;estero esclusivamente per le finalit\u00e0 sopra specificate a:<\/span><\/p><ul><li><span style=\"color: #8a8a8a;\">Fornitori \/ Clienti interessati dalle attivit\u00e0 strettamente connesse all&#8217;erogazione del prodotto \/ servizio;<\/span><\/li><li><span style=\"color: #8a8a8a;\">istituti di credito e societ\u00e0 di factoring;<\/span><\/li><li><span style=\"color: #8a8a8a;\">societ\u00e0 di recupero crediti;<\/span><\/li><li><span style=\"color: #8a8a8a;\">societ\u00e0 di assicurazione del credito;<\/span><\/li><\/ul><p><span style=\"color: #8a8a8a;\">ai soli fini della tutela del credito e della migliore gestione dei nostri diritti relativi al singolo rapporto commerciale, e inoltre a:<\/span><\/p><ul><li><span style=\"color: #8a8a8a;\">tecnici commerciali;<\/span><\/li><li><span style=\"color: #8a8a8a;\">professionisti e consulenti;<\/span><\/li><li><span style=\"color: #8a8a8a;\">studi legali;<\/span><\/li><li><span style=\"color: #8a8a8a;\">societ\u00e0 di manutenzione di apparecchiature informatiche;<\/span><\/li><li><span style=\"color: #8a8a8a;\">enti pubblici, limitatamente alle effettive necessit\u00e0 collegate allo svolgimento delle normali attivit\u00e0 contrattuali;<\/span><\/li><li><span style=\"color: #8a8a8a;\">aziende operanti nel settore del trasporto;<\/span><\/li><li><span style=\"color: #8a8a8a;\">ogni altro soggetto ritenuto necessario per lo svolgimento delle normali attivit\u00e0 contrattuali;<\/span><\/li><\/ul><p><span style=\"color: #8a8a8a;\">ai fini dello svolgimento delle normali attivit\u00e0 operative e gestionali della Societ\u00e0.<\/span><br \/><span style=\"color: #8a8a8a;\">Tutti i dati personali verranno trattati per la durata dei rapporti contrattuali instaurati e anche successivamente per l\u2019espletamento di tutti gli adempimenti di legge nonch\u00e9 per future finalit\u00e0 commerciali.<\/span><br \/><span style=\"color: #8a8a8a;\">Nel rispetto dell\u2019art.130 del D.Lgs. 196\/2003 e s.m.i. e dell\u2019art. 7 del Regolamento la scrivente Societ\u00e0, avrebbe il piacere di inviarVi comunicazioni commerciali mediante l\u2019utilizzo del Vostro numero di telefax o indirizzo e-mail; le Vostre coordinate di posta elettronica da Voi forniteci nel contesto dei nostri precedenti rapporti commerciali, saranno utilizzate per l\u2019invio di comunicazioni.<\/span><\/p><h3><span style=\"color: #8a8a8a;\">Trasferimento dei dati personali<\/span><\/h3><p><span style=\"color: #8a8a8a;\">Ai sensi degli artt. 44 e ss. del Regolamento, al fine di garantire la regolare gestione dei dati personali oggetto del trattamento, la Societ\u00e0 potr\u00e0, acquisito il Suo espresso consenso, per le finalit\u00e0 e con le modalit\u00e0 rese nella presente informativa, trasferire i Suoi dati personali sia in Stati membri dell\u2019Unione Europea, sia in Paesi terzi non appartenenti all\u2019Unione Europea.<\/span><\/p><h3><span style=\"color: #8a8a8a;\">Categorie particolari di dati personali<\/span><\/h3><p><span style=\"color: #8a8a8a;\">Ai sensi degli articoli 9 e 10 del Regolamento, Lei potrebbe conferire, alla Societ\u00e0 dati qualificabili come \u201ccategorie particolari di dati personali\u201d e cio\u00e8 quei dati che rivelano \u201cl&#8217;origine razziale o etnica, le opinioni politiche, le convinzioni religiose o filosofiche, o l&#8217;appartenenza sindacale, nonch\u00e9 dati genetici, dati biometrici intesi a identificare in modo univoco una persona fisica, dati relativi alla salute o alla vita sessuale o all\u2019orientamento sessuale della persona\u201d. Tali categorie di dati potranno essere trattate dalla Societ\u00e0 solo previo Suo libero ed esplicito consenso, manifestato in forma scritta in calce alla presente informativa.<\/span><\/p><h3><span style=\"color: #8a8a8a;\">Esistenza di un processo decisionale automatizzato, compresa la profilazione<\/span><\/h3><p><span style=\"color: #8a8a8a;\">La Societ\u00e0 non adotta alcun processo decisionale automatizzato, compresa la profilazione, di cui all\u2019articolo 22, paragrafi 1 e 4, del Regolamento.<\/span><\/p><h3><span style=\"color: #8a8a8a;\">Diritti dell\u2019interessato<\/span><\/h3><p><span style=\"color: #8a8a8a;\">In ogni momento, Lei potr\u00e0 esercitare, ai sensi degli articoli dal 15 al 22 del Regolamento UE 679\/2016, il diritto di:<\/span><\/p><p><span style=\"color: #8a8a8a;\">a)\u00a0\u00a0 \u00a0chiedere la conferma dell\u2019esistenza o meno di propri dati personali;<\/span><br \/><span style=\"color: #8a8a8a;\">b)\u00a0\u00a0 \u00a0ottenere le indicazioni circa le finalit\u00e0 del trattamento, le categorie dei dati personali, i destinatari o le categorie di destinatari a cui i dati personali sono stati o saranno comunicati e, quando possibile, il periodo di conservazione;<\/span><br \/><span style=\"color: #8a8a8a;\">c) \u00a0\u00a0 \u00a0ottenere la rettifica e la cancellazione dei dati;<\/span><br \/><span style=\"color: #8a8a8a;\">d)\u00a0\u00a0 \u00a0ottenere la limitazione del trattamento;<\/span><br \/><span style=\"color: #8a8a8a;\">e)\u00a0\u00a0 \u00a0ottenere la portabilit\u00e0 dei dati, ossia riceverli da un titolare del trattamento, in un formato strutturato, di uso comune e leggibile da dispositivo automatico, e trasmetterli ad un altro titolare del trattamento senza impedimenti;<\/span><br \/><span style=\"color: #8a8a8a;\">f)\u00a0\u00a0 \u00a0opporsi al trattamento in qualsiasi momento ed anche nel caso di trattamento per finalit\u00e0 di marketing diretto;<\/span><br \/><span style=\"color: #8a8a8a;\">g)\u00a0\u00a0 \u00a0opporsi ad un processo decisionale automatizzato relativo alle persone \ufb01siche, compresa la profilazione.<\/span><br \/><span style=\"color: #8a8a8a;\">h)\u00a0\u00a0 \u00a0chiedere al titolare del trattamento l\u2019accesso ai dati personali e la rettifica o la cancellazione degli stessi o la limitazione del trattamento che lo riguardano o di opporsi al loro trattamento, oltre al diritto alla portabilit\u00e0 dei dati;<\/span><br \/><span style=\"color: #8a8a8a;\">i)\u00a0\u00a0 \u00a0revocare il consenso in qualsiasi momento senza pregiudicare la liceit\u00e0 del trattamento basata sul consenso prestato prima della revoca;<\/span><br \/><span style=\"color: #8a8a8a;\">j)\u00a0\u00a0 \u00a0proporre reclamo a un\u2019autorit\u00e0 di controllo.<\/span><\/p><h3><span style=\"color: #8a8a8a;\">Modalit\u00e0 di esercizio dei diritti<\/span><\/h3><p><span style=\"color: #8a8a8a;\">Potrete in qualsiasi momento esercitare i diritti inviando:<\/span><\/p><ul><li><span style=\"color: #8a8a8a;\">una raccomandata A.R. a: EPC European Project Consulting S.r.l. Via Prati 11 36031 Povolaro di Dueville Vicenza<\/span><\/li><li><span style=\"color: #8a8a8a;\">una PEC all\u2019indirizzo: <a style=\"color: #8a8a8a;\" href=\"mailto:epc@pec.infracom.it\">epc@pec.infracom.it<\/a><\/span><\/li><li><span style=\"color: #8a8a8a;\">una e-mail all\u2019indirizzo: <a style=\"color: #8a8a8a;\" href=\"mailto:info@epcsrl.eu\">info@epcsrl.eu<\/a>.<\/span><\/li><\/ul><h3><span style=\"color: #8a8a8a;\">Modalit\u00e0 di revoca del consenso al trattamento dei dati<\/span><\/h3><p><span style=\"color: #8a8a8a;\">Nella comunicazione necessaria per l\u2019esercizio dei diritti dovranno essere riportate le seguenti informazioni:<\/span><\/p><ul><li><span style=\"color: #8a8a8a;\">nome;<\/span><\/li><li><span style=\"color: #8a8a8a;\">cognome;<\/span><\/li><li><span style=\"color: #8a8a8a;\">indirizzo;<\/span><\/li><li><span style=\"color: #8a8a8a;\">indirizzo e-mail;<\/span><\/li><li><span style=\"color: #8a8a8a;\">fotocopia di un documento di riconoscimento valido;<\/span><\/li><\/ul><p><span style=\"color: #8a8a8a;\">indicando espressamente la richiesta alla quale la Societ\u00e0 EPC European Project Consulting S.r.l. dovr\u00e0 ottemperare.<\/span><\/p>\t\t\t\t\t\t\t\t<\/div>\n\t\t\t\t<\/div>\n\t\t\t\t\t<\/div>\n\t\t\t\t<\/div>\n\t\t\t\t<\/div>\n\t\t","protected":false},"excerpt":{"rendered":"<p>Informativa per il consenso al trattamento dei dati ai sensi dell\u2019articolo 13 del Regolamento UE 2016\/679 Con la presente comunicazione la scrivente Societ\u00e0 EPC European Project Consulting S.r.l. la informa che i Suoi dati personali o quelli a Lei riferiti o riferibili saranno gestiti dalla scrivente nel pieno rispetto del Regolamento UE 679\/2016 e del [&hellip;]<\/p>\n","protected":false},"author":10,"featured_media":0,"parent":0,"menu_order":0,"comment_status":"open","ping_status":"open","template":"","meta":{"_acf_changed":false,"footnotes":""},"class_list":["post-581","page","type-page","status-publish","hentry"],"acf":[],"_links":{"self":[{"href":"https:\/\/www.epcsrl.eu\/it\/wp-json\/wp\/v2\/pages\/581","targetHints":{"allow":["GET"]}}],"collection":[{"href":"https:\/\/www.epcsrl.eu\/it\/wp-json\/wp\/v2\/pages"}],"about":[{"href":"https:\/\/www.epcsrl.eu\/it\/wp-json\/wp\/v2\/types\/page"}],"author":[{"embeddable":true,"href":"https:\/\/www.epcsrl.eu\/it\/wp-json\/wp\/v2\/users\/10"}],"replies":[{"embeddable":true,"href":"https:\/\/www.epcsrl.eu\/it\/wp-json\/wp\/v2\/comments?post=581"}],"version-history":[{"count":0,"href":"https:\/\/www.epcsrl.eu\/it\/wp-json\/wp\/v2\/pages\/581\/revisions"}],"wp:attachment":[{"href":"https:\/\/www.epcsrl.eu\/it\/wp-json\/wp\/v2\/media?parent=581"}],"curies":[{"name":"wp","href":"https:\/\/api.w.org\/{rel}","templated":true}]}}